{"id":106,"date":"2017-10-30T14:56:33","date_gmt":"2017-10-30T13:56:33","guid":{"rendered":"http:\/\/canine-deuxsevres.fr\/?page_id=106"},"modified":"2024-11-20T00:53:59","modified_gmt":"2024-11-19T23:53:59","slug":"presentation","status":"publish","type":"page","link":"https:\/\/www.canine-deuxsevres.fr\/?page_id=106","title":{"rendered":"Pr\u00e9sentation"},"content":{"rendered":"<p><img loading=\"lazy\" decoding=\"async\" class=\"size-medium wp-image-146 alignright\" src=\"https:\/\/www.canine-deuxsevres.fr\/wp-content\/uploads\/2017\/10\/logo-final-300x285.jpg\" alt=\"\" width=\"300\" height=\"285\" srcset=\"https:\/\/www.canine-deuxsevres.fr\/wp-content\/uploads\/2017\/10\/logo-final-300x285.jpg 300w, https:\/\/www.canine-deuxsevres.fr\/wp-content\/uploads\/2017\/10\/logo-final-600x570.jpg 600w, https:\/\/www.canine-deuxsevres.fr\/wp-content\/uploads\/2017\/10\/logo-final-768x730.jpg 768w, https:\/\/www.canine-deuxsevres.fr\/wp-content\/uploads\/2017\/10\/logo-final.jpg 1000w\" sizes=\"auto, (max-width: 300px) 100vw, 300px\" \/><\/p>\n<p>L\u2019Association Canine Territoriale des Deux-S\u00e8vres a \u00e9t\u00e9 cr\u00e9\u00e9e le 26 novembre 2016.<\/p>\n<p>Elle a pour objet la promotion de toutes les races de l\u2019esp\u00e8ce canine et la pratique par les chiens des diff\u00e9rentes activit\u00e9s reconnues par la Centrale Canine.<\/p>\n<p>Elle est affili\u00e9e \u00e0 la Centrale Canine, f\u00e9d\u00e9ration reconnue d\u2019Utilit\u00e9 Publique et agr\u00e9\u00e9e par le\u00a0 Minist\u00e8re de l\u2019Agriculture.<\/p>\n<p>Elle est forte de plus de 900 adh\u00e9rents et poss\u00e8de 13 clubs d\u2019\u00e9ducation et d\u2019utilisation sur son territoire, les Deux-S\u00e8vres.<br \/>\nElle organise une exposition canine nationale et des s\u00e9ances de confirmation de chiens de race chaque ann\u00e9e.<\/p>\n","protected":false},"excerpt":{"rendered":"<p>L\u2019Association Canine Territoriale des Deux-S\u00e8vres a \u00e9t\u00e9 cr\u00e9\u00e9e le 26 novembre 2016. Elle a pour objet la promotion de toutes les races de l\u2019esp\u00e8ce canine et la pratique par les chiens des diff\u00e9rentes activit\u00e9s reconnues par la Centrale Canine. Elle est affili\u00e9e \u00e0 la Centrale Canine, f\u00e9d\u00e9ration reconnue d\u2019Utilit\u00e9 Publique et agr\u00e9\u00e9e par le\u00a0 Minist\u00e8re&hellip; <\/p>\n<p class=\"toivo-read-more\"><a href=\"https:\/\/www.canine-deuxsevres.fr\/?page_id=106\" class=\"more-link\">Lire la suite <span class=\"screen-reader-text\">Pr\u00e9sentation<\/span><\/a><\/p>\n","protected":false},"author":1,"featured_media":0,"parent":27,"menu_order":0,"comment_status":"closed","ping_status":"closed","template":"","meta":{"_monsterinsights_skip_tracking":false,"_monsterinsights_sitenote_active":false,"_monsterinsights_sitenote_note":"","_monsterinsights_sitenote_category":0,"footnotes":""},"class_list":{"0":"post-106","1":"page","2":"type-page","3":"status-publish","5":"entry"},"jetpack_sharing_enabled":true,"_links":{"self":[{"href":"https:\/\/www.canine-deuxsevres.fr\/index.php?rest_route=\/wp\/v2\/pages\/106","targetHints":{"allow":["GET"]}}],"collection":[{"href":"https:\/\/www.canine-deuxsevres.fr\/index.php?rest_route=\/wp\/v2\/pages"}],"about":[{"href":"https:\/\/www.canine-deuxsevres.fr\/index.php?rest_route=\/wp\/v2\/types\/page"}],"author":[{"embeddable":true,"href":"https:\/\/www.canine-deuxsevres.fr\/index.php?rest_route=\/wp\/v2\/users\/1"}],"replies":[{"embeddable":true,"href":"https:\/\/www.canine-deuxsevres.fr\/index.php?rest_route=%2Fwp%2Fv2%2Fcomments&post=106"}],"version-history":[{"count":3,"href":"https:\/\/www.canine-deuxsevres.fr\/index.php?rest_route=\/wp\/v2\/pages\/106\/revisions"}],"predecessor-version":[{"id":1073,"href":"https:\/\/www.canine-deuxsevres.fr\/index.php?rest_route=\/wp\/v2\/pages\/106\/revisions\/1073"}],"up":[{"embeddable":true,"href":"https:\/\/www.canine-deuxsevres.fr\/index.php?rest_route=\/wp\/v2\/pages\/27"}],"wp:attachment":[{"href":"https:\/\/www.canine-deuxsevres.fr\/index.php?rest_route=%2Fwp%2Fv2%2Fmedia&parent=106"}],"curies":[{"name":"wp","href":"https:\/\/api.w.org\/{rel}","templated":true}]}}